{"id":6357,"date":"2019-01-28T14:53:49","date_gmt":"2019-01-28T14:53:49","guid":{"rendered":"https:\/\/lavallee.ch\/product\/creme-de-soin-intensive\/"},"modified":"2020-06-30T08:45:07","modified_gmt":"2020-06-30T08:45:07","slug":"creme-de-soin-intensive","status":"publish","type":"product","link":"https:\/\/lavallee.ch\/fr\/produit\/creme-de-soin-intensive\/","title":{"rendered":"Cr\u00e8me de Soin Intensive"},"content":{"rendered":"","protected":false},"excerpt":{"rendered":"<p>La formule riche en ingr\u00e9dients r\u00e9g\u00e9n\u00e9rants, hydratants et restructurants de cette cr\u00e8me de soin permet de stimuler les fonctions naturelles de l\u2019\u00e9piderme. Elle agit lors d\u2019exposition \u00e0 des stress climatiques et \u00e0 des agents polluants de l\u2019environnement. La peau ab\u00eem\u00e9e et d\u00e9vitalis\u00e9e, la peau retrouve imm\u00e9diatement une sensation de confort et de douceur pour un teint lumineux.<\/p>\n","protected":false},"featured_media":6312,"template":"","meta":[],"indications":[133,144,202,154],"ingredients":[237],"product_cat":[236],"product_tag":[],"acf":[],"_links":{"self":[{"href":"https:\/\/lavallee.ch\/fr\/wp-json\/wp\/v2\/product\/6357"}],"collection":[{"href":"https:\/\/lavallee.ch\/fr\/wp-json\/wp\/v2\/product"}],"about":[{"href":"https:\/\/lavallee.ch\/fr\/wp-json\/wp\/v2\/types\/product"}],"wp:featuredmedia":[{"embeddable":true,"href":"https:\/\/lavallee.ch\/fr\/wp-json\/wp\/v2\/media\/6312"}],"wp:attachment":[{"href":"https:\/\/lavallee.ch\/fr\/wp-json\/wp\/v2\/media?parent=6357"}],"wp:term":[{"taxonomy":"indications","embeddable":true,"href":"https:\/\/lavallee.ch\/fr\/wp-json\/wp\/v2\/indications?post=6357"},{"taxonomy":"ingredients","embeddable":true,"href":"https:\/\/lavallee.ch\/fr\/wp-json\/wp\/v2\/ingredients?post=6357"},{"taxonomy":"product_cat","embeddable":true,"href":"https:\/\/lavallee.ch\/fr\/wp-json\/wp\/v2\/product_cat?post=6357"},{"taxonomy":"product_tag","embeddable":true,"href":"https:\/\/lavallee.ch\/fr\/wp-json\/wp\/v2\/product_tag?post=6357"}],"curies":[{"name":"wp","href":"https:\/\/api.w.org\/{rel}","templated":true}]}}