{"id":6356,"date":"2019-01-28T14:50:18","date_gmt":"2019-01-28T14:50:18","guid":{"rendered":"https:\/\/lavallee.ch\/product\/serum-soin-peau-sensible\/"},"modified":"2020-06-30T08:45:32","modified_gmt":"2020-06-30T08:45:32","slug":"serum-soin-peau-sensible","status":"publish","type":"product","link":"https:\/\/lavallee.ch\/fr\/produit\/serum-soin-peau-sensible\/","title":{"rendered":"S\u00e9rum de Soin Peau Sensible"},"content":{"rendered":"","protected":false},"excerpt":{"rendered":"<p>Avec des actifs s\u00e9lectionn\u00e9s pour leur propri\u00e9t\u00e9s hydratantes, adoucissantes et liftantes, ce s\u00e9rum agit sur le confort et la souplesse de l\u2019\u00e9piderme d\u00e9licat et sensible. Avec une action pr\u00e9ventive sur l\u2019apparition des imperfections et des ger\u00e7ures, il apaise la peau irrit\u00e9e et am\u00e9liore son \u00e9clat.<\/p>\n","protected":false},"featured_media":6300,"template":"","meta":[],"indications":[133,154,143,174],"ingredients":[237],"product_cat":[236],"product_tag":[],"acf":[],"_links":{"self":[{"href":"https:\/\/lavallee.ch\/fr\/wp-json\/wp\/v2\/product\/6356"}],"collection":[{"href":"https:\/\/lavallee.ch\/fr\/wp-json\/wp\/v2\/product"}],"about":[{"href":"https:\/\/lavallee.ch\/fr\/wp-json\/wp\/v2\/types\/product"}],"wp:featuredmedia":[{"embeddable":true,"href":"https:\/\/lavallee.ch\/fr\/wp-json\/wp\/v2\/media\/6300"}],"wp:attachment":[{"href":"https:\/\/lavallee.ch\/fr\/wp-json\/wp\/v2\/media?parent=6356"}],"wp:term":[{"taxonomy":"indications","embeddable":true,"href":"https:\/\/lavallee.ch\/fr\/wp-json\/wp\/v2\/indications?post=6356"},{"taxonomy":"ingredients","embeddable":true,"href":"https:\/\/lavallee.ch\/fr\/wp-json\/wp\/v2\/ingredients?post=6356"},{"taxonomy":"product_cat","embeddable":true,"href":"https:\/\/lavallee.ch\/fr\/wp-json\/wp\/v2\/product_cat?post=6356"},{"taxonomy":"product_tag","embeddable":true,"href":"https:\/\/lavallee.ch\/fr\/wp-json\/wp\/v2\/product_tag?post=6356"}],"curies":[{"name":"wp","href":"https:\/\/api.w.org\/{rel}","templated":true}]}}