{"id":6341,"date":"2019-01-25T16:18:34","date_gmt":"2019-01-25T16:18:34","guid":{"rendered":"https:\/\/lavallee.ch\/product\/creme-de-jour-protection-globale\/"},"modified":"2019-01-25T16:18:34","modified_gmt":"2019-01-25T16:18:34","slug":"creme-de-jour-protection-globale","status":"publish","type":"product","link":"https:\/\/lavallee.ch\/fr\/produit\/creme-de-jour-protection-globale\/","title":{"rendered":"Cr\u00e8me de Jour Protection Globale"},"content":{"rendered":"","protected":false},"excerpt":{"rendered":"<p>Gr\u00e2ce \u00e0 ses ingr\u00e9dients v\u00e9g\u00e9taux et biotechnologiques, cette cr\u00e8me pr\u00e9ventive anti-\u00e2ge est un antioxydant puissant. Elle permet de lutter contre les dommages caus\u00e9s par les radicaux libres et la d\u00e9shydratation des couches sup\u00e9rieures de l\u2019\u00e9piderme. Elle offre une protection contre les agents polluant de l\u2019environnement et le vieillissement cutan\u00e9 pr\u00e9matur\u00e9 caus\u00e9 par le soleil. La peau retrouve \u00e9clat et fra\u00eecheur. <\/p>\n","protected":false},"featured_media":6281,"template":"","meta":[],"indications":[203,176,152,146],"ingredients":[237,238],"product_cat":[231],"product_tag":[],"acf":[],"_links":{"self":[{"href":"https:\/\/lavallee.ch\/fr\/wp-json\/wp\/v2\/product\/6341"}],"collection":[{"href":"https:\/\/lavallee.ch\/fr\/wp-json\/wp\/v2\/product"}],"about":[{"href":"https:\/\/lavallee.ch\/fr\/wp-json\/wp\/v2\/types\/product"}],"wp:featuredmedia":[{"embeddable":true,"href":"https:\/\/lavallee.ch\/fr\/wp-json\/wp\/v2\/media\/6281"}],"wp:attachment":[{"href":"https:\/\/lavallee.ch\/fr\/wp-json\/wp\/v2\/media?parent=6341"}],"wp:term":[{"taxonomy":"indications","embeddable":true,"href":"https:\/\/lavallee.ch\/fr\/wp-json\/wp\/v2\/indications?post=6341"},{"taxonomy":"ingredients","embeddable":true,"href":"https:\/\/lavallee.ch\/fr\/wp-json\/wp\/v2\/ingredients?post=6341"},{"taxonomy":"product_cat","embeddable":true,"href":"https:\/\/lavallee.ch\/fr\/wp-json\/wp\/v2\/product_cat?post=6341"},{"taxonomy":"product_tag","embeddable":true,"href":"https:\/\/lavallee.ch\/fr\/wp-json\/wp\/v2\/product_tag?post=6341"}],"curies":[{"name":"wp","href":"https:\/\/api.w.org\/{rel}","templated":true}]}}