{"id":6334,"date":"2019-01-25T16:00:58","date_gmt":"2019-01-25T16:00:58","guid":{"rendered":"https:\/\/lavallee.ch\/product\/creme-ultra-hydratante-nuit\/"},"modified":"2020-06-30T08:52:00","modified_gmt":"2020-06-30T08:52:00","slug":"creme-ultra-hydratante-nuit","status":"publish","type":"product","link":"https:\/\/lavallee.ch\/fr\/produit\/creme-ultra-hydratante-nuit\/","title":{"rendered":"Cr\u00e8me Ultra Hydratante Nuit"},"content":{"rendered":"","protected":false},"excerpt":{"rendered":"<p>Gr\u00e2ce \u00e0 ses ingr\u00e9dients restructurants et r\u00e9g\u00e9n\u00e9rants, cette cr\u00e8me ultra hydratante aide \u00e0 lutter contre le vieillissement pr\u00e9matur\u00e9 de l\u2019\u00e9piderme en restaurant l\u2019hydratation de ses couches sup\u00e9rieures. Elle prolonge la beaut\u00e9 naturelle de la peau pour un teint lisse et \u00e9clatant d\u00e8s le r\u00e9veil.<\/p>\n","protected":false},"featured_media":6309,"template":"","meta":[],"indications":[133,138,153,163],"ingredients":[237,238],"product_cat":[235],"product_tag":[],"acf":[],"_links":{"self":[{"href":"https:\/\/lavallee.ch\/fr\/wp-json\/wp\/v2\/product\/6334"}],"collection":[{"href":"https:\/\/lavallee.ch\/fr\/wp-json\/wp\/v2\/product"}],"about":[{"href":"https:\/\/lavallee.ch\/fr\/wp-json\/wp\/v2\/types\/product"}],"wp:featuredmedia":[{"embeddable":true,"href":"https:\/\/lavallee.ch\/fr\/wp-json\/wp\/v2\/media\/6309"}],"wp:attachment":[{"href":"https:\/\/lavallee.ch\/fr\/wp-json\/wp\/v2\/media?parent=6334"}],"wp:term":[{"taxonomy":"indications","embeddable":true,"href":"https:\/\/lavallee.ch\/fr\/wp-json\/wp\/v2\/indications?post=6334"},{"taxonomy":"ingredients","embeddable":true,"href":"https:\/\/lavallee.ch\/fr\/wp-json\/wp\/v2\/ingredients?post=6334"},{"taxonomy":"product_cat","embeddable":true,"href":"https:\/\/lavallee.ch\/fr\/wp-json\/wp\/v2\/product_cat?post=6334"},{"taxonomy":"product_tag","embeddable":true,"href":"https:\/\/lavallee.ch\/fr\/wp-json\/wp\/v2\/product_tag?post=6334"}],"curies":[{"name":"wp","href":"https:\/\/api.w.org\/{rel}","templated":true}]}}